{"id":718,"date":"2026-04-30T12:02:56","date_gmt":"2026-04-30T10:02:56","guid":{"rendered":"https:\/\/hotelvillaitsaso.com\/history-of-villa-itsaso\/"},"modified":"2026-05-14T13:14:37","modified_gmt":"2026-05-14T11:14:37","slug":"history-of-villa-itsaso","status":"publish","type":"page","link":"https:\/\/hotelvillaitsaso.com\/en\/history-of-villa-itsaso\/","title":{"rendered":"History of Villa Itsaso"},"content":{"rendered":"<p><div class=\"fusion-fullwidth fullwidth-box fusion-builder-row-1 fusion-flex-container has-pattern-background has-mask-background fusion-parallax-none nonhundred-percent-fullwidth non-hundred-percent-height-scrolling\" style=\"--awb-border-radius-top-left:0px;--awb-border-radius-top-right:0px;--awb-border-radius-bottom-right:0px;--awb-border-radius-bottom-left:0px;--awb-padding-top:150px;--awb-padding-bottom:130px;--awb-background-color:var(--awb-color5);--awb-background-image:linear-gradient(180deg, hsla(var(--awb-custom_color_1-h),var(--awb-custom_color_1-s),var(--awb-custom_color_1-l),calc(var(--awb-custom_color_1-a) - 80%)) 0%,hsla(var(--awb-custom_color_1-h),var(--awb-custom_color_1-s),var(--awb-custom_color_1-l),calc(var(--awb-custom_color_1-a) - 80%)) 100%),url(https:\/\/hotelvillaitsaso.com\/wp-content\/uploads\/2026\/05\/hotel-villa-itsaso-fachada-y-jardin-scaled.webp);;--awb-background-size:cover;--awb-flex-wrap:wrap;\" data-preload-img=\"https:\/\/hotelvillaitsaso.com\/wp-content\/uploads\/2026\/05\/hotel-villa-itsaso-fachada-y-jardin-scaled.webp\" ><div class=\"fusion-builder-row fusion-row fusion-flex-align-items-flex-start fusion-flex-content-wrap\" style=\"max-width:1248px;margin-left: calc(-4% \/ 2 );margin-right: calc(-4% \/ 2 );\"><div class=\"fusion-layout-column fusion_builder_column fusion-builder-column-0 fusion_builder_column_1_1 1_1 fusion-flex-column\" style=\"--awb-bg-size:cover;--awb-width-large:100%;--awb-margin-top-large:0px;--awb-spacing-right-large:1.92%;--awb-margin-bottom-large:20px;--awb-spacing-left-large:1.92%;--awb-width-medium:100%;--awb-order-medium:0;--awb-spacing-right-medium:1.92%;--awb-spacing-left-medium:1.92%;--awb-width-small:100%;--awb-order-small:0;--awb-spacing-right-small:1.92%;--awb-spacing-left-small:1.92%;\"><div class=\"fusion-column-wrapper fusion-column-has-shadow fusion-flex-justify-content-flex-start fusion-content-layout-column\"><div class=\"fusion-title title fusion-title-1 fusion-sep-none fusion-title-center fusion-title-text fusion-title-size-one\" style=\"--awb-text-color:var(--awb-color1);--awb-margin-top-small:10px;--awb-margin-right-small:0px;--awb-margin-bottom-small:10px;--awb-margin-left-small:0px;--awb-font-size:var(--awb-typography1-font-size);\"><h1 class=\"fusion-title-heading title-heading-center fusion-responsive-typography-calculated\" style=\"font-family:var(--awb-typography1-font-family);font-weight:var(--awb-typography1-font-weight);font-style:var(--awb-typography1-font-style);margin:0;letter-spacing:var(--awb-typography1-letter-spacing);text-transform:var(--awb-typography1-text-transform);font-size:1em;--fontSize:50;line-height:var(--awb-typography1-line-height);\">History of Villa Itsaso<\/h1><\/div><\/div><\/div><\/div><\/div><div class=\"fusion-fullwidth fullwidth-box fusion-builder-row-2 fusion-flex-container has-pattern-background has-mask-background nonhundred-percent-fullwidth non-hundred-percent-height-scrolling\" style=\"--awb-border-radius-top-left:0px;--awb-border-radius-top-right:0px;--awb-border-radius-bottom-right:0px;--awb-border-radius-bottom-left:0px;--awb-padding-top:60px;--awb-flex-wrap:wrap;\" ><div class=\"fusion-builder-row fusion-row fusion-flex-align-items-flex-end fusion-flex-content-wrap\" style=\"max-width:1248px;margin-left: calc(-4% \/ 2 );margin-right: calc(-4% \/ 2 );\"><div class=\"fusion-layout-column fusion_builder_column fusion-builder-column-1 fusion_builder_column_2_3 2_3 fusion-flex-column\" style=\"--awb-bg-size:cover;--awb-width-large:66.666666666667%;--awb-margin-top-large:0px;--awb-spacing-right-large:2.88%;--awb-margin-bottom-large:20px;--awb-spacing-left-large:2.88%;--awb-width-medium:66.666666666667%;--awb-order-medium:0;--awb-spacing-right-medium:2.88%;--awb-spacing-left-medium:2.88%;--awb-width-small:100%;--awb-order-small:0;--awb-spacing-right-small:1.92%;--awb-spacing-left-small:1.92%;\"><div class=\"fusion-column-wrapper fusion-column-has-shadow fusion-flex-justify-content-flex-start fusion-content-layout-column\"><div class=\"fusion-title title fusion-title-2 fusion-sep-none fusion-title-text fusion-title-size-two\" style=\"--awb-margin-bottom:40px;--awb-margin-top-small:10px;--awb-margin-right-small:0px;--awb-margin-bottom-small:10px;--awb-margin-left-small:0px;--awb-font-size:60px;\"><h2 class=\"fusion-title-heading title-heading-left fusion-responsive-typography-calculated\" style=\"font-family:var(--awb-typography2-font-family);font-weight:var(--awb-typography2-font-weight);font-style:var(--awb-typography2-font-style);margin:0;letter-spacing:var(--awb-typography2-letter-spacing);text-transform:var(--awb-typography2-text-transform);font-size:1em;--fontSize:60;line-height:var(--awb-typography2-line-height);\">19th century villa turned into a museum<\/h2><\/div><div class=\"fusion-text fusion-text-1 awb-text-cols fusion-text-columns-2\" style=\"--awb-columns:2;--awb-column-spacing:2em;--awb-column-min-width:350px;\"><p>This villa, now restored as a small hotel, embodies in its architecture and rural setting a unique period and atmosphere representative of Basque historical, social, and cultural development.<\/p>\n<p>It is the first Neo-Basque villa, built at the end of the 19th century during the height of European regionalism rooted in Romanticism and undoubtedly in response to the profound identity crisis triggered by the abolition of the fueros (chartered rights) of 1876.<\/p>\n<\/div><\/div><\/div><div class=\"fusion-layout-column fusion_builder_column fusion-builder-column-2 fusion_builder_column_1_3 1_3 fusion-flex-column\" style=\"--awb-bg-size:cover;--awb-width-large:33.333333333333%;--awb-margin-top-large:0px;--awb-spacing-right-large:5.76%;--awb-margin-bottom-large:20px;--awb-spacing-left-large:5.76%;--awb-width-medium:33.333333333333%;--awb-order-medium:0;--awb-spacing-right-medium:5.76%;--awb-spacing-left-medium:5.76%;--awb-width-small:100%;--awb-order-small:0;--awb-spacing-right-small:1.92%;--awb-spacing-left-small:1.92%;\"><div class=\"fusion-column-wrapper fusion-column-has-shadow fusion-flex-justify-content-flex-start fusion-content-layout-column\"><div class=\"fusion-image-element sm-text-align-right\" style=\"--awb-max-width:350px;--awb-caption-title-font-family:var(--h2_typography-font-family);--awb-caption-title-font-weight:var(--h2_typography-font-weight);--awb-caption-title-font-style:var(--h2_typography-font-style);--awb-caption-title-size:var(--h2_typography-font-size);--awb-caption-title-transform:var(--h2_typography-text-transform);--awb-caption-title-line-height:var(--h2_typography-line-height);--awb-caption-title-letter-spacing:var(--h2_typography-letter-spacing);\"><span class=\" fusion-imageframe imageframe-none imageframe-1 hover-type-none\"><img decoding=\"async\" width=\"2197\" height=\"2560\" alt=\"Old photograph of the villa built in the 19th century\" title=\"Old photograph of the villa built in the 19th century\" src=\"https:\/\/hotelvillaitsaso.com\/wp-content\/uploads\/2026\/05\/fotografia-antigua-villa-siglo-xix-scaled.webp\" data-orig-src=\"https:\/\/hotelvillaitsaso.com\/wp-content\/uploads\/2026\/05\/fotografia-antigua-villa-siglo-xix-scaled.webp\" class=\"lazyload img-responsive wp-image-710\" srcset=\"data:image\/svg+xml,%3Csvg%20xmlns%3D%27http%3A%2F%2Fwww.w3.org%2F2000%2Fsvg%27%20width%3D%272197%27%20height%3D%272560%27%20viewBox%3D%270%200%202197%202560%27%3E%3Crect%20width%3D%272197%27%20height%3D%272560%27%20fill-opacity%3D%220%22%2F%3E%3C%2Fsvg%3E\" data-srcset=\"https:\/\/hotelvillaitsaso.com\/wp-content\/uploads\/2026\/05\/fotografia-antigua-villa-siglo-xix-200x233.webp 200w, https:\/\/hotelvillaitsaso.com\/wp-content\/uploads\/2026\/05\/fotografia-antigua-villa-siglo-xix-400x466.webp 400w, https:\/\/hotelvillaitsaso.com\/wp-content\/uploads\/2026\/05\/fotografia-antigua-villa-siglo-xix-600x699.webp 600w, https:\/\/hotelvillaitsaso.com\/wp-content\/uploads\/2026\/05\/fotografia-antigua-villa-siglo-xix-800x932.webp 800w, https:\/\/hotelvillaitsaso.com\/wp-content\/uploads\/2026\/05\/fotografia-antigua-villa-siglo-xix-1200x1398.webp 1200w, https:\/\/hotelvillaitsaso.com\/wp-content\/uploads\/2026\/05\/fotografia-antigua-villa-siglo-xix-scaled.webp 2197w\" data-sizes=\"auto\" data-orig-sizes=\"(max-width: 640px) 100vw, 400px\" \/><\/span><\/div><\/div><\/div><\/div><\/div><div class=\"fusion-fullwidth fullwidth-box fusion-builder-row-3 fusion-flex-container has-pattern-background has-mask-background nonhundred-percent-fullwidth non-hundred-percent-height-scrolling\" style=\"--awb-border-radius-top-left:0px;--awb-border-radius-top-right:0px;--awb-border-radius-bottom-right:0px;--awb-border-radius-bottom-left:0px;--awb-padding-top:20px;--awb-flex-wrap:wrap;\" ><div class=\"fusion-builder-row fusion-row fusion-flex-align-items-flex-start fusion-flex-justify-content-flex-end fusion-flex-content-wrap\" style=\"max-width:1248px;margin-left: calc(-4% \/ 2 );margin-right: calc(-4% \/ 2 );\"><div class=\"fusion-layout-column fusion_builder_column fusion-builder-column-3 fusion_builder_column_1_4 1_4 fusion-flex-column\" style=\"--awb-bg-size:cover;--awb-width-large:25%;--awb-margin-top-large:0px;--awb-spacing-right-large:7.68%;--awb-margin-bottom-large:20px;--awb-spacing-left-large:7.68%;--awb-width-medium:25%;--awb-order-medium:0;--awb-spacing-right-medium:7.68%;--awb-spacing-left-medium:7.68%;--awb-width-small:100%;--awb-order-small:0;--awb-spacing-right-small:1.92%;--awb-spacing-left-small:1.92%;\"><div class=\"fusion-column-wrapper fusion-column-has-shadow fusion-flex-justify-content-flex-start fusion-content-layout-column\"><div class=\"fusion-image-element \" style=\"--awb-aspect-ratio:1 \/ 1;--awb-object-position:51% 32%;--awb-max-width:350px;--awb-caption-title-font-family:var(--h2_typography-font-family);--awb-caption-title-font-weight:var(--h2_typography-font-weight);--awb-caption-title-font-style:var(--h2_typography-font-style);--awb-caption-title-size:var(--h2_typography-font-size);--awb-caption-title-transform:var(--h2_typography-text-transform);--awb-caption-title-line-height:var(--h2_typography-line-height);--awb-caption-title-letter-spacing:var(--h2_typography-letter-spacing);\"><div style=\"display:inline-block;width:350px;\"><span class=\" fusion-imageframe imageframe-none imageframe-2 hover-type-none has-aspect-ratio\" style=\"border:7px solid var(--awb-color3);border-radius:600px;\"><img decoding=\"async\" width=\"1742\" height=\"2560\" alt=\"Ram\u00f3n Ad\u00e1n de Yarza\" title=\"Ram\u00f3n Ad\u00e1n de Yarza\" src=\"https:\/\/hotelvillaitsaso.com\/wp-content\/uploads\/2026\/05\/ramon-adan-de-yarza-scaled.webp\" data-orig-src=\"https:\/\/hotelvillaitsaso.com\/wp-content\/uploads\/2026\/05\/ramon-adan-de-yarza-scaled.webp\" class=\"lazyload img-responsive wp-image-711 img-with-aspect-ratio\" data-parent-fit=\"cover\" data-parent-container=\".fusion-image-element\" srcset=\"data:image\/svg+xml,%3Csvg%20xmlns%3D%27http%3A%2F%2Fwww.w3.org%2F2000%2Fsvg%27%20width%3D%271742%27%20height%3D%272560%27%20viewBox%3D%270%200%201742%202560%27%3E%3Crect%20width%3D%271742%27%20height%3D%272560%27%20fill-opacity%3D%220%22%2F%3E%3C%2Fsvg%3E\" data-srcset=\"https:\/\/hotelvillaitsaso.com\/wp-content\/uploads\/2026\/05\/ramon-adan-de-yarza-200x294.webp 200w, https:\/\/hotelvillaitsaso.com\/wp-content\/uploads\/2026\/05\/ramon-adan-de-yarza-400x588.webp 400w, https:\/\/hotelvillaitsaso.com\/wp-content\/uploads\/2026\/05\/ramon-adan-de-yarza-600x882.webp 600w, https:\/\/hotelvillaitsaso.com\/wp-content\/uploads\/2026\/05\/ramon-adan-de-yarza-800x1176.webp 800w, https:\/\/hotelvillaitsaso.com\/wp-content\/uploads\/2026\/05\/ramon-adan-de-yarza-1200x1763.webp 1200w, https:\/\/hotelvillaitsaso.com\/wp-content\/uploads\/2026\/05\/ramon-adan-de-yarza-scaled.webp 1742w\" data-sizes=\"auto\" data-orig-sizes=\"(max-width: 640px) 100vw, 400px\" \/><\/span><\/div><\/div><\/div><\/div><div class=\"fusion-layout-column fusion_builder_column fusion-builder-column-4 fusion_builder_column_2_3 2_3 fusion-flex-column\" style=\"--awb-bg-size:cover;--awb-width-large:66.666666666667%;--awb-margin-top-large:0px;--awb-spacing-right-large:2.88%;--awb-margin-bottom-large:20px;--awb-spacing-left-large:2.88%;--awb-width-medium:66.666666666667%;--awb-order-medium:0;--awb-spacing-right-medium:2.88%;--awb-spacing-left-medium:2.88%;--awb-width-small:100%;--awb-order-small:0;--awb-spacing-right-small:1.92%;--awb-spacing-left-small:1.92%;\"><div class=\"fusion-column-wrapper fusion-column-has-shadow fusion-flex-justify-content-flex-start fusion-content-layout-column\"><div class=\"fusion-text fusion-text-2 awb-text-cols fusion-text-columns-2\" style=\"--awb-columns:2;--awb-column-spacing:2em;--awb-column-min-width:350px;\"><p>Built in 1883 by the geologist Ram\u00f3n Mar\u00eda Ad\u00e1n de Yarza and conceived as a summer house, this was the era when tourism was emerging, practiced by the English on the southern coast of France (which we call Iparralde, considering it the northern Basque Country). It was a time of therapeutic sea bathing and sunbathing; of spas\u2026 and, of course, the bourgeois atmosphere and industrialization.  <\/p>\n<p>Obviously, the hotel requires a different kind of comfort than that conceived in the 19th century, but we wanted to maintain the large, open, and well-lit spaces that inspired its original layout.<\/p>\n<\/div><\/div><\/div><div class=\"fusion-layout-column fusion_builder_column fusion-builder-column-5 fusion_builder_column_1_1 1_1 fusion-flex-column\" style=\"--awb-bg-size:cover;--awb-width-large:100%;--awb-margin-top-large:0px;--awb-spacing-right-large:1.92%;--awb-margin-bottom-large:0px;--awb-spacing-left-large:1.92%;--awb-width-medium:100%;--awb-order-medium:0;--awb-spacing-right-medium:1.92%;--awb-spacing-left-medium:1.92%;--awb-width-small:100%;--awb-order-small:0;--awb-spacing-right-small:1.92%;--awb-spacing-left-small:1.92%;\"><div class=\"fusion-column-wrapper fusion-column-has-shadow fusion-flex-justify-content-flex-start fusion-content-layout-column\"><div class=\"fusion-section-separator section-separator waves fusion-section-separator-1\" style=\"--awb-spacer-padding-top:inherit;--awb-svg-margin-left:1.92%;--awb-svg-margin-right:1.92%;--awb-svg-margin-left-medium:1.92%;--awb-svg-margin-right-medium:1.92%;--awb-svg-margin-left-small:1.92%;--awb-svg-margin-right-small:1.92%;--awb-divider-height:200px;--awb-spacer-height:200px;--awb-divider-height-medium:150px;--awb-spacer-height-medium:150px;--awb-divider-height-small:100px;--awb-spacer-height-small:100px;--awb-sep-font-size:0;--awb-sep-line-height:0;--awb-margin-bottom:-1px;\"><div class=\"fusion-section-separator-svg\"><svg class=\"fusion-waves-candy\" xmlns=\"http:\/\/www.w3.org\/2000\/svg\" version=\"1.1\" width=\"100%\" viewBox=\"0 54 1024 162\" preserveAspectRatio=\"none\" fill=\"rgba(250,250,250,1)\"><path class=\"st3\" d=\"M0 216.312h1024v-3.044c-50.8-17.1-108.7-30.7-172.7-37.9-178.6-19.8-220 36.8-404.9 21.3-206.6-17.2-228-126.5-434.5-141.6-3.9-.3-7.9-.5-11.9-.7v161.944z\"\/><\/svg><\/div><div class=\"fusion-section-separator-spacer\"><div class=\"fusion-section-separator-spacer-height\"><\/div><\/div><\/div><\/div><\/div><\/div><\/div><div class=\"fusion-fullwidth fullwidth-box fusion-builder-row-4 fusion-flex-container has-pattern-background has-mask-background nonhundred-percent-fullwidth non-hundred-percent-height-scrolling\" style=\"--awb-border-radius-top-left:0px;--awb-border-radius-top-right:0px;--awb-border-radius-bottom-right:0px;--awb-border-radius-bottom-left:0px;--awb-padding-top:60px;--awb-background-color:var(--awb-color2);--awb-flex-wrap:wrap;\" ><div class=\"fusion-builder-row fusion-row fusion-flex-align-items-flex-end fusion-flex-content-wrap\" style=\"max-width:1248px;margin-left: calc(-4% \/ 2 );margin-right: calc(-4% \/ 2 );\"><div class=\"fusion-layout-column fusion_builder_column fusion-builder-column-6 fusion_builder_column_1_3 1_3 fusion-flex-column\" style=\"--awb-bg-size:cover;--awb-width-large:33.333333333333%;--awb-margin-top-large:0px;--awb-spacing-right-large:5.76%;--awb-margin-bottom-large:20px;--awb-spacing-left-large:5.76%;--awb-width-medium:33.333333333333%;--awb-order-medium:0;--awb-spacing-right-medium:5.76%;--awb-spacing-left-medium:5.76%;--awb-width-small:100%;--awb-order-small:0;--awb-spacing-right-small:1.92%;--awb-spacing-left-small:1.92%;\"><div class=\"fusion-column-wrapper fusion-column-has-shadow fusion-flex-justify-content-flex-start fusion-content-layout-column\"><div class=\"fusion-image-element sm-text-align-right\" style=\"--awb-caption-title-font-family:var(--h2_typography-font-family);--awb-caption-title-font-weight:var(--h2_typography-font-weight);--awb-caption-title-font-style:var(--h2_typography-font-style);--awb-caption-title-size:var(--h2_typography-font-size);--awb-caption-title-transform:var(--h2_typography-text-transform);--awb-caption-title-line-height:var(--h2_typography-line-height);--awb-caption-title-letter-spacing:var(--h2_typography-letter-spacing);\"><span class=\" fusion-imageframe imageframe-none imageframe-3 hover-type-none\"><img decoding=\"async\" width=\"2560\" height=\"1920\" alt=\"Museumification of Villa Itsaso\" title=\"Museumification of Villa Itsaso\" src=\"https:\/\/hotelvillaitsaso.com\/wp-content\/uploads\/2026\/05\/musealizacion-villa-itsaso-scaled.webp\" data-orig-src=\"https:\/\/hotelvillaitsaso.com\/wp-content\/uploads\/2026\/05\/musealizacion-villa-itsaso-scaled.webp\" class=\"lazyload img-responsive wp-image-712\" srcset=\"data:image\/svg+xml,%3Csvg%20xmlns%3D%27http%3A%2F%2Fwww.w3.org%2F2000%2Fsvg%27%20width%3D%272560%27%20height%3D%271920%27%20viewBox%3D%270%200%202560%201920%27%3E%3Crect%20width%3D%272560%27%20height%3D%271920%27%20fill-opacity%3D%220%22%2F%3E%3C%2Fsvg%3E\" data-srcset=\"https:\/\/hotelvillaitsaso.com\/wp-content\/uploads\/2026\/05\/musealizacion-villa-itsaso-200x150.webp 200w, https:\/\/hotelvillaitsaso.com\/wp-content\/uploads\/2026\/05\/musealizacion-villa-itsaso-400x300.webp 400w, https:\/\/hotelvillaitsaso.com\/wp-content\/uploads\/2026\/05\/musealizacion-villa-itsaso-600x450.webp 600w, https:\/\/hotelvillaitsaso.com\/wp-content\/uploads\/2026\/05\/musealizacion-villa-itsaso-800x600.webp 800w, https:\/\/hotelvillaitsaso.com\/wp-content\/uploads\/2026\/05\/musealizacion-villa-itsaso-1200x900.webp 1200w, https:\/\/hotelvillaitsaso.com\/wp-content\/uploads\/2026\/05\/musealizacion-villa-itsaso-scaled.webp 2560w\" data-sizes=\"auto\" data-orig-sizes=\"(max-width: 640px) 100vw, 400px\" \/><\/span><\/div><\/div><\/div><div class=\"fusion-layout-column fusion_builder_column fusion-builder-column-7 fusion_builder_column_2_3 2_3 fusion-flex-column\" style=\"--awb-bg-size:cover;--awb-width-large:66.666666666667%;--awb-margin-top-large:0px;--awb-spacing-right-large:2.88%;--awb-margin-bottom-large:20px;--awb-spacing-left-large:2.88%;--awb-width-medium:66.666666666667%;--awb-order-medium:0;--awb-spacing-right-medium:2.88%;--awb-spacing-left-medium:2.88%;--awb-width-small:100%;--awb-order-small:0;--awb-spacing-right-small:1.92%;--awb-spacing-left-small:1.92%;\"><div class=\"fusion-column-wrapper fusion-column-has-shadow fusion-flex-justify-content-flex-start fusion-content-layout-column\"><div class=\"fusion-title title fusion-title-3 fusion-sep-none fusion-title-text fusion-title-size-three\" style=\"--awb-margin-bottom:40px;--awb-margin-top-small:10px;--awb-margin-right-small:0px;--awb-margin-bottom-small:10px;--awb-margin-left-small:0px;--awb-font-size:48px;\"><h3 class=\"fusion-title-heading title-heading-left fusion-responsive-typography-calculated\" style=\"font-family:var(--awb-typography2-font-family);font-weight:var(--awb-typography2-font-weight);font-style:var(--awb-typography2-font-style);margin:0;letter-spacing:var(--awb-typography2-letter-spacing);text-transform:var(--awb-typography2-text-transform);font-size:1em;--fontSize:48;line-height:var(--awb-typography2-line-height);\">Museumification<\/h3><\/div><div class=\"fusion-text fusion-text-3\"><p>We have created a modest museum-like setting in the Hotel to highlight the building&#8217;s architectural value and its significance in the early days of seaside tourism on the Basque coast. The ambiance of the main entrance will transport you to the late 19th century, when Ram\u00f3n Ad\u00e1n de Yarza and his wife, Mar\u00eda Dolores Gortazar, built their summer home. <\/p>\n<p>From your room you can admire Karraspio beach with the dramatic Cantabrian Sea in the background. Or the medieval town of Lekeitio or the beautiful Baroque palace of Zubieta to the south, Ram\u00f3n&#8217;s ancestral home, perched on the estuary next to the old tidal mill&#8230; All of this just a five-minute walk away.<\/p>\n<\/div><\/div><\/div><\/div><\/div><div class=\"fusion-fullwidth fullwidth-box fusion-builder-row-5 fusion-flex-container has-pattern-background has-mask-background nonhundred-percent-fullwidth non-hundred-percent-height-scrolling\" style=\"--awb-border-radius-top-left:0px;--awb-border-radius-top-right:0px;--awb-border-radius-bottom-right:0px;--awb-border-radius-bottom-left:0px;--awb-padding-top:20px;--awb-background-color:var(--awb-color2);--awb-flex-wrap:wrap;\" ><div class=\"fusion-builder-row fusion-row fusion-flex-align-items-flex-start fusion-flex-content-wrap\" style=\"max-width:1248px;margin-left: calc(-4% \/ 2 );margin-right: calc(-4% \/ 2 );\"><div class=\"fusion-layout-column fusion_builder_column fusion-builder-column-8 fusion_builder_column_2_5 2_5 fusion-flex-column\" style=\"--awb-bg-size:cover;--awb-width-large:40%;--awb-margin-top-large:0px;--awb-spacing-right-large:4.8%;--awb-margin-bottom-large:20px;--awb-spacing-left-large:4.8%;--awb-width-medium:50%;--awb-order-medium:0;--awb-spacing-right-medium:3.84%;--awb-spacing-left-medium:3.84%;--awb-width-small:100%;--awb-order-small:0;--awb-spacing-right-small:1.92%;--awb-spacing-left-small:1.92%;\"><div class=\"fusion-column-wrapper fusion-column-has-shadow fusion-flex-justify-content-flex-start fusion-content-layout-column\"><div class=\"fusion-text fusion-text-4\"><p>To truly grasp the caliber of those who built this house, there is nothing better than tracing its lineage back to the two figures portrayed by Francisco Goya himself in the late 1780s.<\/p>\n<p>These are Antonio Ad\u00e1n de Yarza and Mar\u00eda Ramona de Barbachano, great-grandparents of our Ram\u00f3n. An aristocratic family with enormous wealth in land and buildings in rural and urban Bizkaia; all their generations have members also holding public office in the various institutions of the Basque administration and even in the Castilian court.<\/p>\n<\/div><\/div><\/div><div class=\"fusion-layout-column fusion_builder_column fusion-builder-column-9 fusion_builder_column_1_2 1_2 fusion-flex-column\" style=\"--awb-bg-size:cover;--awb-width-large:50%;--awb-margin-top-large:0px;--awb-spacing-right-large:3.84%;--awb-margin-bottom-large:20px;--awb-spacing-left-large:3.84%;--awb-width-medium:50%;--awb-order-medium:0;--awb-spacing-right-medium:3.84%;--awb-spacing-left-medium:3.84%;--awb-width-small:100%;--awb-order-small:0;--awb-spacing-right-small:1.92%;--awb-spacing-left-small:1.92%;\"><div class=\"fusion-column-wrapper fusion-column-has-shadow fusion-flex-justify-content-flex-start fusion-content-layout-column\"><div class=\"fusion-image-element \" style=\"--awb-caption-title-font-family:var(--h2_typography-font-family);--awb-caption-title-font-weight:var(--h2_typography-font-weight);--awb-caption-title-font-style:var(--h2_typography-font-style);--awb-caption-title-size:var(--h2_typography-font-size);--awb-caption-title-transform:var(--h2_typography-text-transform);--awb-caption-title-line-height:var(--h2_typography-line-height);--awb-caption-title-letter-spacing:var(--h2_typography-letter-spacing);\"><span class=\" fusion-imageframe imageframe-none imageframe-4 hover-type-none\"><img decoding=\"async\" width=\"1091\" height=\"578\" alt=\"Goyas\" title=\"Goyas\" src=\"https:\/\/hotelvillaitsaso.com\/wp-content\/uploads\/2026\/05\/goyas.webp\" data-orig-src=\"https:\/\/hotelvillaitsaso.com\/wp-content\/uploads\/2026\/05\/goyas.webp\" class=\"lazyload img-responsive wp-image-713\" srcset=\"data:image\/svg+xml,%3Csvg%20xmlns%3D%27http%3A%2F%2Fwww.w3.org%2F2000%2Fsvg%27%20width%3D%271091%27%20height%3D%27578%27%20viewBox%3D%270%200%201091%20578%27%3E%3Crect%20width%3D%271091%27%20height%3D%27578%27%20fill-opacity%3D%220%22%2F%3E%3C%2Fsvg%3E\" data-srcset=\"https:\/\/hotelvillaitsaso.com\/wp-content\/uploads\/2026\/05\/goyas-200x106.webp 200w, https:\/\/hotelvillaitsaso.com\/wp-content\/uploads\/2026\/05\/goyas-400x212.webp 400w, https:\/\/hotelvillaitsaso.com\/wp-content\/uploads\/2026\/05\/goyas-600x318.webp 600w, https:\/\/hotelvillaitsaso.com\/wp-content\/uploads\/2026\/05\/goyas-800x424.webp 800w, https:\/\/hotelvillaitsaso.com\/wp-content\/uploads\/2026\/05\/goyas.webp 1091w\" data-sizes=\"auto\" data-orig-sizes=\"(max-width: 640px) 100vw, 600px\" \/><\/span><\/div><\/div><\/div><\/div><\/div><div class=\"fusion-fullwidth fullwidth-box fusion-builder-row-6 fusion-flex-container has-pattern-background has-mask-background nonhundred-percent-fullwidth non-hundred-percent-height-scrolling\" style=\"--awb-border-radius-top-left:0px;--awb-border-radius-top-right:0px;--awb-border-radius-bottom-right:0px;--awb-border-radius-bottom-left:0px;--awb-padding-top:20px;--awb-padding-bottom:40px;--awb-background-color:var(--awb-color2);--awb-flex-wrap:wrap;\" ><div class=\"fusion-builder-row fusion-row fusion-flex-align-items-flex-start fusion-flex-content-wrap\" style=\"max-width:1248px;margin-left: calc(-4% \/ 2 );margin-right: calc(-4% \/ 2 );\"><div class=\"fusion-layout-column fusion_builder_column fusion-builder-column-10 fusion_builder_column_2_5 2_5 fusion-flex-column\" style=\"--awb-bg-size:cover;--awb-width-large:40%;--awb-margin-top-large:0px;--awb-spacing-right-large:4.8%;--awb-margin-bottom-large:20px;--awb-spacing-left-large:4.8%;--awb-width-medium:50%;--awb-order-medium:0;--awb-spacing-right-medium:3.84%;--awb-spacing-left-medium:3.84%;--awb-width-small:100%;--awb-order-small:0;--awb-spacing-right-small:1.92%;--awb-spacing-left-small:1.92%;\"><div class=\"fusion-column-wrapper fusion-column-has-shadow fusion-flex-justify-content-flex-start fusion-content-layout-column\"><div class=\"fusion-image-element \" style=\"--awb-caption-title-font-family:var(--h2_typography-font-family);--awb-caption-title-font-weight:var(--h2_typography-font-weight);--awb-caption-title-font-style:var(--h2_typography-font-style);--awb-caption-title-size:var(--h2_typography-font-size);--awb-caption-title-transform:var(--h2_typography-text-transform);--awb-caption-title-line-height:var(--h2_typography-line-height);--awb-caption-title-letter-spacing:var(--h2_typography-letter-spacing);\"><span class=\" fusion-imageframe imageframe-none imageframe-5 hover-type-none\"><img decoding=\"async\" width=\"891\" height=\"554\" alt=\"Beach tourism\" title=\"Beach tourism\" src=\"https:\/\/hotelvillaitsaso.com\/wp-content\/uploads\/2026\/05\/turismo-de-playa.webp\" data-orig-src=\"https:\/\/hotelvillaitsaso.com\/wp-content\/uploads\/2026\/05\/turismo-de-playa.webp\" class=\"lazyload img-responsive wp-image-714\" srcset=\"data:image\/svg+xml,%3Csvg%20xmlns%3D%27http%3A%2F%2Fwww.w3.org%2F2000%2Fsvg%27%20width%3D%27891%27%20height%3D%27554%27%20viewBox%3D%270%200%20891%20554%27%3E%3Crect%20width%3D%27891%27%20height%3D%27554%27%20fill-opacity%3D%220%22%2F%3E%3C%2Fsvg%3E\" data-srcset=\"https:\/\/hotelvillaitsaso.com\/wp-content\/uploads\/2026\/05\/turismo-de-playa-200x124.webp 200w, https:\/\/hotelvillaitsaso.com\/wp-content\/uploads\/2026\/05\/turismo-de-playa-400x249.webp 400w, https:\/\/hotelvillaitsaso.com\/wp-content\/uploads\/2026\/05\/turismo-de-playa-600x373.webp 600w, https:\/\/hotelvillaitsaso.com\/wp-content\/uploads\/2026\/05\/turismo-de-playa-800x497.webp 800w, https:\/\/hotelvillaitsaso.com\/wp-content\/uploads\/2026\/05\/turismo-de-playa.webp 891w\" data-sizes=\"auto\" data-orig-sizes=\"(max-width: 640px) 100vw, 600px\" \/><\/span><\/div><\/div><\/div><div class=\"fusion-layout-column fusion_builder_column fusion-builder-column-11 fusion_builder_column_1_2 1_2 fusion-flex-column\" style=\"--awb-bg-size:cover;--awb-width-large:50%;--awb-margin-top-large:0px;--awb-spacing-right-large:3.84%;--awb-margin-bottom-large:20px;--awb-spacing-left-large:3.84%;--awb-width-medium:50%;--awb-order-medium:0;--awb-spacing-right-medium:3.84%;--awb-spacing-left-medium:3.84%;--awb-width-small:100%;--awb-order-small:0;--awb-spacing-right-small:1.92%;--awb-spacing-left-small:1.92%;\"><div class=\"fusion-column-wrapper fusion-column-has-shadow fusion-flex-justify-content-flex-start fusion-content-layout-column\"><div class=\"fusion-text fusion-text-5\"><p>Sea tourism has begun, and the Ad\u00e1n de Yarza-Gortazar family is joining this new trend that will forever revolutionize life in the Basque coastal towns. These are new times, and the beach is starting to be seen as a source of enjoyment and an unprecedented health benefit. <\/p>\n<p>Further west we find Bilbao in less than an hour&#8217;s drive and at the same distance to the East, Donostia \/ San Sebasti\u00e1n with its obligatory gastronomic day of the internationally recognized pintxos and a cultural cherry with Chillida Leku or a simple walk through the Bella Easo.<\/p>\n<\/div><\/div><\/div><\/div><\/div><div class=\"fusion-fullwidth fullwidth-box fusion-builder-row-7 fusion-flex-container has-pattern-background has-mask-background nonhundred-percent-fullwidth non-hundred-percent-height-scrolling\" style=\"--awb-border-radius-top-left:0px;--awb-border-radius-top-right:0px;--awb-border-radius-bottom-right:0px;--awb-border-radius-bottom-left:0px;--awb-padding-top:20px;--awb-padding-bottom:0px;--awb-background-color:var(--awb-color2);--awb-flex-wrap:wrap;\" ><div class=\"fusion-builder-row fusion-row fusion-flex-align-items-flex-start fusion-flex-content-wrap\" style=\"max-width:1248px;margin-left: calc(-4% \/ 2 );margin-right: calc(-4% \/ 2 );\"><div class=\"fusion-layout-column fusion_builder_column fusion-builder-column-12 fusion_builder_column_1_1 1_1 fusion-flex-column\" style=\"--awb-bg-size:cover;--awb-width-large:100%;--awb-margin-top-large:0px;--awb-spacing-right-large:1.92%;--awb-margin-bottom-large:20px;--awb-spacing-left-large:1.92%;--awb-width-medium:100%;--awb-order-medium:0;--awb-spacing-right-medium:1.92%;--awb-spacing-left-medium:1.92%;--awb-width-small:100%;--awb-order-small:0;--awb-spacing-right-small:1.92%;--awb-spacing-left-small:1.92%;\"><div class=\"fusion-column-wrapper fusion-column-has-shadow fusion-flex-justify-content-flex-start fusion-content-layout-column\"><div class=\"fusion-image-element \" style=\"text-align:center;--awb-caption-title-font-family:var(--h2_typography-font-family);--awb-caption-title-font-weight:var(--h2_typography-font-weight);--awb-caption-title-font-style:var(--h2_typography-font-style);--awb-caption-title-size:var(--h2_typography-font-size);--awb-caption-title-transform:var(--h2_typography-text-transform);--awb-caption-title-line-height:var(--h2_typography-line-height);--awb-caption-title-letter-spacing:var(--h2_typography-letter-spacing);\"><span class=\" fusion-imageframe imageframe-none imageframe-6 hover-type-none\"><img decoding=\"async\" width=\"797\" height=\"87\" alt=\"Logos Euskadi\" title=\"Logos Euskadi\" src=\"https:\/\/hotelvillaitsaso.com\/wp-content\/uploads\/2026\/05\/logos-euskadi.webp\" data-orig-src=\"https:\/\/hotelvillaitsaso.com\/wp-content\/uploads\/2026\/05\/logos-euskadi.webp\" class=\"lazyload img-responsive wp-image-715\" srcset=\"data:image\/svg+xml,%3Csvg%20xmlns%3D%27http%3A%2F%2Fwww.w3.org%2F2000%2Fsvg%27%20width%3D%27797%27%20height%3D%2787%27%20viewBox%3D%270%200%20797%2087%27%3E%3Crect%20width%3D%27797%27%20height%3D%2787%27%20fill-opacity%3D%220%22%2F%3E%3C%2Fsvg%3E\" data-srcset=\"https:\/\/hotelvillaitsaso.com\/wp-content\/uploads\/2026\/05\/logos-euskadi-200x22.webp 200w, https:\/\/hotelvillaitsaso.com\/wp-content\/uploads\/2026\/05\/logos-euskadi-400x44.webp 400w, https:\/\/hotelvillaitsaso.com\/wp-content\/uploads\/2026\/05\/logos-euskadi-600x65.webp 600w, https:\/\/hotelvillaitsaso.com\/wp-content\/uploads\/2026\/05\/logos-euskadi.webp 797w\" data-sizes=\"auto\" data-orig-sizes=\"(max-width: 640px) 100vw, 797px\" \/><\/span><\/div><\/div><\/div><\/div><\/div><div class=\"fusion-fullwidth fullwidth-box fusion-builder-row-8 fusion-flex-container has-pattern-background has-mask-background nonhundred-percent-fullwidth non-hundred-percent-height-scrolling\" style=\"--awb-border-radius-top-left:0px;--awb-border-radius-top-right:0px;--awb-border-radius-bottom-right:0px;--awb-border-radius-bottom-left:0px;--awb-padding-top:60px;--awb-padding-bottom:40px;--awb-background-color:var(--awb-color5);--awb-flex-wrap:wrap;\" ><div class=\"awb-background-mask\" style=\"background-image:  url(data:image\/svg+xml;utf8,%3Csvg%20width%3D%221920%22%20height%3D%22954%22%20fill%3D%22none%22%20xmlns%3D%22http%3A%2F%2Fwww.w3.org%2F2000%2Fsvg%22%3E%3Cpath%20fill-rule%3D%22evenodd%22%20clip-rule%3D%22evenodd%22%20d%3D%22M0%20142.846l198.069%20114.355L346.565%200H1920v277.018L1802.38%2073.291l-734.85%20424.264L1331.06%20954H0V142.846zm649.936%20713.71l18.301-68.301%2068.301%2018.301-18.301%2068.301-68.301-18.301z%22%20fill%3D%22rgba%2850%2C83%2C70%2C1%29%22%2F%3E%3C%2Fsvg%3E);opacity: 1 ;transform: scale(1, 1);mix-blend-mode:normal;\"><\/div><div class=\"fusion-builder-row fusion-row fusion-flex-align-items-center fusion-flex-content-wrap\" style=\"max-width:1248px;margin-left: calc(-4% \/ 2 );margin-right: calc(-4% \/ 2 );\"><div class=\"fusion-layout-column fusion_builder_column fusion-builder-column-13 fusion_builder_column_1_2 1_2 fusion-flex-column\" style=\"--awb-bg-size:cover;--awb-width-large:50%;--awb-margin-top-large:0px;--awb-spacing-right-large:3.84%;--awb-margin-bottom-large:40px;--awb-spacing-left-large:3.84%;--awb-width-medium:50%;--awb-order-medium:0;--awb-spacing-right-medium:3.84%;--awb-spacing-left-medium:3.84%;--awb-width-small:100%;--awb-order-small:0;--awb-spacing-right-small:1.92%;--awb-spacing-left-small:1.92%;\"><div class=\"fusion-column-wrapper fusion-column-has-shadow fusion-flex-justify-content-flex-start fusion-content-layout-column\"><div class=\"fusion-title title fusion-title-4 fusion-sep-none fusion-title-text fusion-title-size-three\" style=\"--awb-text-color:hsla(var(--awb-color5-h),var(--awb-color5-s),calc(var(--awb-color5-l) + 50%),var(--awb-color5-a));--awb-margin-top-small:10px;--awb-margin-right-small:0px;--awb-margin-bottom-small:10px;--awb-margin-left-small:0px;--awb-font-size:15px;\"><h3 class=\"fusion-title-heading title-heading-left fusion-responsive-typography-calculated\" style=\"font-family:var(--awb-typography3-font-family);font-weight:var(--awb-typography3-font-weight);font-style:var(--awb-typography3-font-style);margin:0;letter-spacing:1px;text-transform:uppercase;font-size:1em;--fontSize:15;--minFontSize:15;line-height:var(--awb-typography3-line-height);\">Our proposals<\/h3><\/div><div class=\"fusion-title title fusion-title-5 fusion-sep-none fusion-title-text fusion-title-size-two\" style=\"--awb-text-color:var(--awb-color1);--awb-margin-top-small:10px;--awb-margin-right-small:0px;--awb-margin-bottom-small:10px;--awb-margin-left-small:0px;--awb-font-size:50px;\"><h2 class=\"fusion-title-heading title-heading-left fusion-responsive-typography-calculated\" style=\"font-family:var(--awb-typography2-font-family);font-weight:var(--awb-typography2-font-weight);font-style:var(--awb-typography2-font-style);margin:0;letter-spacing:var(--awb-typography2-letter-spacing);text-transform:var(--awb-typography2-text-transform);font-size:1em;--fontSize:50;line-height:var(--awb-typography2-line-height);\">What to do<\/h2><\/div><div class=\"fusion-text fusion-text-6\" style=\"--awb-text-color:var(--awb-color1);\"><p>You can visit the proposals section to see some plans we suggest while you stay at the hotel.<\/p>\n<\/div><div ><a class=\"fusion-button button-flat fusion-button-default-size button-default fusion-button-default button-1 fusion-button-default-span fusion-button-default-type\" target=\"_self\" href=\"https:\/\/hotelvillaitsaso.com\/en\/proposals\/\"><span class=\"fusion-button-text awb-button__text awb-button__text--default\">See our proposals<\/span><\/a><\/div><\/div><\/div><div class=\"fusion-layout-column fusion_builder_column fusion-builder-column-14 fusion_builder_column_1_4 1_4 fusion-flex-column\" style=\"--awb-bg-size:cover;--awb-width-large:25%;--awb-margin-top-large:0px;--awb-spacing-right-large:3.84%;--awb-margin-bottom-large:20px;--awb-spacing-left-large:7.68%;--awb-width-medium:25%;--awb-order-medium:0;--awb-spacing-right-medium:3.84%;--awb-spacing-left-medium:7.68%;--awb-width-small:100%;--awb-order-small:0;--awb-spacing-right-small:1.92%;--awb-spacing-left-small:1.92%;\"><div class=\"fusion-column-wrapper fusion-column-has-shadow fusion-flex-justify-content-flex-start fusion-content-layout-column\"><div class=\"fusion-image-element \" style=\"--awb-aspect-ratio:1 \/ 1;--awb-margin-bottom:20px;--awb-caption-title-font-family:var(--h2_typography-font-family);--awb-caption-title-font-weight:var(--h2_typography-font-weight);--awb-caption-title-font-style:var(--h2_typography-font-style);--awb-caption-title-size:var(--h2_typography-font-size);--awb-caption-title-transform:var(--h2_typography-text-transform);--awb-caption-title-line-height:var(--h2_typography-line-height);--awb-caption-title-letter-spacing:var(--h2_typography-letter-spacing);\"><span class=\" fusion-imageframe imageframe-none imageframe-7 hover-type-none has-aspect-ratio\"><img decoding=\"async\" width=\"770\" height=\"433\" alt=\"Laida Beach\" title=\"Laida Beach\" src=\"https:\/\/hotelvillaitsaso.com\/wp-content\/uploads\/2026\/05\/playa-de-laida.webp\" data-orig-src=\"https:\/\/hotelvillaitsaso.com\/wp-content\/uploads\/2026\/05\/playa-de-laida.webp\" class=\"lazyload img-responsive wp-image-716 img-with-aspect-ratio\" data-parent-fit=\"cover\" data-parent-container=\".fusion-image-element\" srcset=\"data:image\/svg+xml,%3Csvg%20xmlns%3D%27http%3A%2F%2Fwww.w3.org%2F2000%2Fsvg%27%20width%3D%27770%27%20height%3D%27433%27%20viewBox%3D%270%200%20770%20433%27%3E%3Crect%20width%3D%27770%27%20height%3D%27433%27%20fill-opacity%3D%220%22%2F%3E%3C%2Fsvg%3E\" data-srcset=\"https:\/\/hotelvillaitsaso.com\/wp-content\/uploads\/2026\/05\/playa-de-laida-200x112.webp 200w, https:\/\/hotelvillaitsaso.com\/wp-content\/uploads\/2026\/05\/playa-de-laida-400x225.webp 400w, https:\/\/hotelvillaitsaso.com\/wp-content\/uploads\/2026\/05\/playa-de-laida-600x337.webp 600w, https:\/\/hotelvillaitsaso.com\/wp-content\/uploads\/2026\/05\/playa-de-laida.webp 770w\" data-sizes=\"auto\" data-orig-sizes=\"(max-width: 640px) 100vw, 400px\" \/><\/span><\/div><\/div><\/div><div class=\"fusion-layout-column fusion_builder_column fusion-builder-column-15 fusion_builder_column_1_4 1_4 fusion-flex-column\" style=\"--awb-bg-size:cover;--awb-width-large:25%;--awb-margin-top-large:0px;--awb-spacing-right-large:7.68%;--awb-margin-bottom-large:20px;--awb-spacing-left-large:3.84%;--awb-width-medium:25%;--awb-order-medium:0;--awb-spacing-right-medium:7.68%;--awb-spacing-left-medium:3.84%;--awb-width-small:100%;--awb-order-small:0;--awb-spacing-right-small:1.92%;--awb-spacing-left-small:1.92%;\"><div class=\"fusion-column-wrapper fusion-column-has-shadow fusion-flex-justify-content-flex-start fusion-content-layout-column\"><div class=\"fusion-image-element \" style=\"--awb-aspect-ratio:1 \/ 1;--awb-margin-top:20px;--awb-caption-title-font-family:var(--h2_typography-font-family);--awb-caption-title-font-weight:var(--h2_typography-font-weight);--awb-caption-title-font-style:var(--h2_typography-font-style);--awb-caption-title-size:var(--h2_typography-font-size);--awb-caption-title-transform:var(--h2_typography-text-transform);--awb-caption-title-line-height:var(--h2_typography-line-height);--awb-caption-title-letter-spacing:var(--h2_typography-letter-spacing);\"><span class=\" fusion-imageframe imageframe-none imageframe-8 hover-type-none has-aspect-ratio\"><img decoding=\"async\" width=\"2000\" height=\"1333\" alt=\"La Concha Beach\" title=\"La Concha Beach\" src=\"https:\/\/hotelvillaitsaso.com\/wp-content\/uploads\/2026\/05\/playa-de-la-concha.webp\" data-orig-src=\"https:\/\/hotelvillaitsaso.com\/wp-content\/uploads\/2026\/05\/playa-de-la-concha.webp\" class=\"lazyload img-responsive wp-image-717 img-with-aspect-ratio\" data-parent-fit=\"cover\" data-parent-container=\".fusion-image-element\" srcset=\"data:image\/svg+xml,%3Csvg%20xmlns%3D%27http%3A%2F%2Fwww.w3.org%2F2000%2Fsvg%27%20width%3D%272000%27%20height%3D%271333%27%20viewBox%3D%270%200%202000%201333%27%3E%3Crect%20width%3D%272000%27%20height%3D%271333%27%20fill-opacity%3D%220%22%2F%3E%3C%2Fsvg%3E\" data-srcset=\"https:\/\/hotelvillaitsaso.com\/wp-content\/uploads\/2026\/05\/playa-de-la-concha-200x133.webp 200w, https:\/\/hotelvillaitsaso.com\/wp-content\/uploads\/2026\/05\/playa-de-la-concha-400x267.webp 400w, https:\/\/hotelvillaitsaso.com\/wp-content\/uploads\/2026\/05\/playa-de-la-concha-600x400.webp 600w, https:\/\/hotelvillaitsaso.com\/wp-content\/uploads\/2026\/05\/playa-de-la-concha-800x533.webp 800w, https:\/\/hotelvillaitsaso.com\/wp-content\/uploads\/2026\/05\/playa-de-la-concha-1200x800.webp 1200w, https:\/\/hotelvillaitsaso.com\/wp-content\/uploads\/2026\/05\/playa-de-la-concha.webp 2000w\" data-sizes=\"auto\" data-orig-sizes=\"(max-width: 640px) 100vw, 400px\" \/><\/span><\/div><\/div><\/div><\/div><\/div><\/p>\n","protected":false},"excerpt":{"rendered":"","protected":false},"author":3,"featured_media":0,"parent":0,"menu_order":2,"comment_status":"closed","ping_status":"closed","template":"100-width.php","meta":{"footnotes":""},"class_list":["post-718","page","type-page","status-publish","hentry"],"yoast_head":"<!-- This site is optimized with the Yoast SEO plugin v27.6 - https:\/\/yoast.com\/product\/yoast-seo-wordpress\/ -->\n<title>History of Villa Itsaso | A 19th-century villa facing the Cantabrian Sea<\/title>\n<meta name=\"description\" content=\"Discover the story of Villa Itsaso, a charmingly restored 19th-century villa on the Basque coast of Bizkaia, facing the Cantabrian Sea.\" \/>\n<meta name=\"robots\" content=\"index, follow, max-snippet:-1, max-image-preview:large, max-video-preview:-1\" \/>\n<link rel=\"canonical\" href=\"https:\/\/hotelvillaitsaso.com\/en\/history-of-villa-itsaso\/\" \/>\n<meta property=\"og:locale\" content=\"en_US\" \/>\n<meta property=\"og:type\" content=\"article\" \/>\n<meta property=\"og:title\" content=\"History of Villa Itsaso | A 19th-century villa facing the Cantabrian Sea\" \/>\n<meta property=\"og:description\" content=\"Discover the story of Villa Itsaso, a charmingly restored 19th-century villa on the Basque coast of Bizkaia, facing the Cantabrian Sea.\" \/>\n<meta property=\"og:url\" content=\"https:\/\/hotelvillaitsaso.com\/en\/history-of-villa-itsaso\/\" \/>\n<meta property=\"og:site_name\" content=\"Hotel Villa Itsaso\" \/>\n<meta property=\"article:modified_time\" content=\"2026-05-14T11:14:37+00:00\" \/>\n<meta name=\"twitter:card\" content=\"summary_large_image\" \/>\n<meta name=\"twitter:label1\" content=\"Est. reading time\" \/>\n\t<meta name=\"twitter:data1\" content=\"45 minutes\" \/>\n<script type=\"application\/ld+json\" class=\"yoast-schema-graph\">{\"@context\":\"https:\\\/\\\/schema.org\",\"@graph\":[{\"@type\":\"WebPage\",\"@id\":\"https:\\\/\\\/hotelvillaitsaso.com\\\/en\\\/history-of-villa-itsaso\\\/\",\"url\":\"https:\\\/\\\/hotelvillaitsaso.com\\\/en\\\/history-of-villa-itsaso\\\/\",\"name\":\"History of Villa Itsaso | A 19th-century villa facing the Cantabrian Sea\",\"isPartOf\":{\"@id\":\"https:\\\/\\\/hotelvillaitsaso.com\\\/en\\\/#website\"},\"datePublished\":\"2026-04-30T10:02:56+00:00\",\"dateModified\":\"2026-05-14T11:14:37+00:00\",\"description\":\"Discover the story of Villa Itsaso, a charmingly restored 19th-century villa on the Basque coast of Bizkaia, facing the Cantabrian Sea.\",\"breadcrumb\":{\"@id\":\"https:\\\/\\\/hotelvillaitsaso.com\\\/en\\\/history-of-villa-itsaso\\\/#breadcrumb\"},\"inLanguage\":\"en-US\",\"potentialAction\":[{\"@type\":\"ReadAction\",\"target\":[\"https:\\\/\\\/hotelvillaitsaso.com\\\/en\\\/history-of-villa-itsaso\\\/\"]}]},{\"@type\":\"BreadcrumbList\",\"@id\":\"https:\\\/\\\/hotelvillaitsaso.com\\\/en\\\/history-of-villa-itsaso\\\/#breadcrumb\",\"itemListElement\":[{\"@type\":\"ListItem\",\"position\":1,\"name\":\"Portada\",\"item\":\"https:\\\/\\\/hotelvillaitsaso.com\\\/en\\\/\"},{\"@type\":\"ListItem\",\"position\":2,\"name\":\"History of Villa Itsaso\"}]},{\"@type\":\"WebSite\",\"@id\":\"https:\\\/\\\/hotelvillaitsaso.com\\\/en\\\/#website\",\"url\":\"https:\\\/\\\/hotelvillaitsaso.com\\\/en\\\/\",\"name\":\"Hotel Villa Itsaso\",\"description\":\"\",\"publisher\":{\"@id\":\"https:\\\/\\\/hotelvillaitsaso.com\\\/en\\\/#organization\"},\"potentialAction\":[{\"@type\":\"SearchAction\",\"target\":{\"@type\":\"EntryPoint\",\"urlTemplate\":\"https:\\\/\\\/hotelvillaitsaso.com\\\/en\\\/?s={search_term_string}\"},\"query-input\":{\"@type\":\"PropertyValueSpecification\",\"valueRequired\":true,\"valueName\":\"search_term_string\"}}],\"inLanguage\":\"en-US\"},{\"@type\":\"Organization\",\"@id\":\"https:\\\/\\\/hotelvillaitsaso.com\\\/en\\\/#organization\",\"name\":\"Hotel Villa Itsaso\",\"url\":\"https:\\\/\\\/hotelvillaitsaso.com\\\/en\\\/\",\"logo\":{\"@type\":\"ImageObject\",\"inLanguage\":\"en-US\",\"@id\":\"https:\\\/\\\/hotelvillaitsaso.com\\\/en\\\/#\\\/schema\\\/logo\\\/image\\\/\",\"url\":\"https:\\\/\\\/hotelvillaitsaso.com\\\/wp-content\\\/uploads\\\/2026\\\/04\\\/hotel-villa-itsaso-logo-x2.png\",\"contentUrl\":\"https:\\\/\\\/hotelvillaitsaso.com\\\/wp-content\\\/uploads\\\/2026\\\/04\\\/hotel-villa-itsaso-logo-x2.png\",\"width\":1000,\"height\":314,\"caption\":\"Hotel Villa Itsaso\"},\"image\":{\"@id\":\"https:\\\/\\\/hotelvillaitsaso.com\\\/en\\\/#\\\/schema\\\/logo\\\/image\\\/\"}}]}<\/script>\n<!-- \/ Yoast SEO plugin. -->","yoast_head_json":{"title":"History of Villa Itsaso | A 19th-century villa facing the Cantabrian Sea","description":"Discover the story of Villa Itsaso, a charmingly restored 19th-century villa on the Basque coast of Bizkaia, facing the Cantabrian Sea.","robots":{"index":"index","follow":"follow","max-snippet":"max-snippet:-1","max-image-preview":"max-image-preview:large","max-video-preview":"max-video-preview:-1"},"canonical":"https:\/\/hotelvillaitsaso.com\/en\/history-of-villa-itsaso\/","og_locale":"en_US","og_type":"article","og_title":"History of Villa Itsaso | A 19th-century villa facing the Cantabrian Sea","og_description":"Discover the story of Villa Itsaso, a charmingly restored 19th-century villa on the Basque coast of Bizkaia, facing the Cantabrian Sea.","og_url":"https:\/\/hotelvillaitsaso.com\/en\/history-of-villa-itsaso\/","og_site_name":"Hotel Villa Itsaso","article_modified_time":"2026-05-14T11:14:37+00:00","twitter_card":"summary_large_image","twitter_misc":{"Est. reading time":"45 minutes"},"schema":{"@context":"https:\/\/schema.org","@graph":[{"@type":"WebPage","@id":"https:\/\/hotelvillaitsaso.com\/en\/history-of-villa-itsaso\/","url":"https:\/\/hotelvillaitsaso.com\/en\/history-of-villa-itsaso\/","name":"History of Villa Itsaso | A 19th-century villa facing the Cantabrian Sea","isPartOf":{"@id":"https:\/\/hotelvillaitsaso.com\/en\/#website"},"datePublished":"2026-04-30T10:02:56+00:00","dateModified":"2026-05-14T11:14:37+00:00","description":"Discover the story of Villa Itsaso, a charmingly restored 19th-century villa on the Basque coast of Bizkaia, facing the Cantabrian Sea.","breadcrumb":{"@id":"https:\/\/hotelvillaitsaso.com\/en\/history-of-villa-itsaso\/#breadcrumb"},"inLanguage":"en-US","potentialAction":[{"@type":"ReadAction","target":["https:\/\/hotelvillaitsaso.com\/en\/history-of-villa-itsaso\/"]}]},{"@type":"BreadcrumbList","@id":"https:\/\/hotelvillaitsaso.com\/en\/history-of-villa-itsaso\/#breadcrumb","itemListElement":[{"@type":"ListItem","position":1,"name":"Portada","item":"https:\/\/hotelvillaitsaso.com\/en\/"},{"@type":"ListItem","position":2,"name":"History of Villa Itsaso"}]},{"@type":"WebSite","@id":"https:\/\/hotelvillaitsaso.com\/en\/#website","url":"https:\/\/hotelvillaitsaso.com\/en\/","name":"Hotel Villa Itsaso","description":"","publisher":{"@id":"https:\/\/hotelvillaitsaso.com\/en\/#organization"},"potentialAction":[{"@type":"SearchAction","target":{"@type":"EntryPoint","urlTemplate":"https:\/\/hotelvillaitsaso.com\/en\/?s={search_term_string}"},"query-input":{"@type":"PropertyValueSpecification","valueRequired":true,"valueName":"search_term_string"}}],"inLanguage":"en-US"},{"@type":"Organization","@id":"https:\/\/hotelvillaitsaso.com\/en\/#organization","name":"Hotel Villa Itsaso","url":"https:\/\/hotelvillaitsaso.com\/en\/","logo":{"@type":"ImageObject","inLanguage":"en-US","@id":"https:\/\/hotelvillaitsaso.com\/en\/#\/schema\/logo\/image\/","url":"https:\/\/hotelvillaitsaso.com\/wp-content\/uploads\/2026\/04\/hotel-villa-itsaso-logo-x2.png","contentUrl":"https:\/\/hotelvillaitsaso.com\/wp-content\/uploads\/2026\/04\/hotel-villa-itsaso-logo-x2.png","width":1000,"height":314,"caption":"Hotel Villa Itsaso"},"image":{"@id":"https:\/\/hotelvillaitsaso.com\/en\/#\/schema\/logo\/image\/"}}]}},"_links":{"self":[{"href":"https:\/\/hotelvillaitsaso.com\/en\/wp-json\/wp\/v2\/pages\/718","targetHints":{"allow":["GET"]}}],"collection":[{"href":"https:\/\/hotelvillaitsaso.com\/en\/wp-json\/wp\/v2\/pages"}],"about":[{"href":"https:\/\/hotelvillaitsaso.com\/en\/wp-json\/wp\/v2\/types\/page"}],"author":[{"embeddable":true,"href":"https:\/\/hotelvillaitsaso.com\/en\/wp-json\/wp\/v2\/users\/3"}],"replies":[{"embeddable":true,"href":"https:\/\/hotelvillaitsaso.com\/en\/wp-json\/wp\/v2\/comments?post=718"}],"version-history":[{"count":6,"href":"https:\/\/hotelvillaitsaso.com\/en\/wp-json\/wp\/v2\/pages\/718\/revisions"}],"predecessor-version":[{"id":829,"href":"https:\/\/hotelvillaitsaso.com\/en\/wp-json\/wp\/v2\/pages\/718\/revisions\/829"}],"wp:attachment":[{"href":"https:\/\/hotelvillaitsaso.com\/en\/wp-json\/wp\/v2\/media?parent=718"}],"curies":[{"name":"wp","href":"https:\/\/api.w.org\/{rel}","templated":true}]}}